{"id":919,"date":"2014-06-11T14:51:23","date_gmt":"2014-06-11T14:51:23","guid":{"rendered":"http:\/\/sindromecharge.es\/?page_id=919"},"modified":"2014-10-14T08:26:34","modified_gmt":"2014-10-14T08:26:34","slug":"iii-congreso-sindrome-charge","status":"publish","type":"page","link":"https:\/\/sindromecharge.es\/index.php\/iii-congreso-sindrome-charge\/","title":{"rendered":"III Congreso S\u00edndrome CHARGE"},"content":{"rendered":"<p dir=\"ltr\">El Congreso se realizar\u00e1en colaboraci\u00f3n con <a href=\"http:\/\/www.aphisa.es\" target=\"_blank\">Aphisa<\/a>\u00a0en la ciudad de Alcal\u00e1 de Henares , a 34\u00a0km de Madrid, los d\u00edas 4 y 5 de Octubre de 2014. \u00a0<span style=\"text-decoration: underline;\"><strong>La asistencia\u00a0es gratuita pero requiere inscripci\u00f3n<\/strong><\/span>. La inscripci\u00f3n pude realizarse siguiendo <a title=\"Inscripciones III Congreso CHARGE\" href=\"http:\/\/sindromecharge.es\/index.php\/inscripciones-iii-congreso-charge-alcala-de-henares\/\">este enlace.<\/a><strong><br \/>\n<\/strong><\/p>\n<p dir=\"ltr\" style=\"text-align: center;\"><strong><span style=\"color: #00ccff;\">Programa<\/span><\/strong><\/p>\n<p dir=\"ltr\"><span style=\"text-decoration: underline;\"><strong>Viernes Tarde<\/strong><\/span>, primeras inscripciones a las familias Charge.<\/p>\n<p dir=\"ltr\">Cena en el mismo hotel.<\/p>\n<p dir=\"ltr\"><span style=\"text-decoration: underline;\"><strong>S\u00e1bado ma\u00f1ana<\/strong><\/span>,\u00a0Ponencias<\/p>\n<p dir=\"ltr\"><em>Lugar Ponencia Sala Cervantes del Hotel Alcal\u00e1 Plaza.<\/em><\/p>\n<p dir=\"ltr\"><em>9:45h Presentaci\u00f3n del congreso e introducci\u00f3n a las ponencias<\/em><\/p>\n<p dir=\"ltr\"><em>10:0h Ponencia\u00a0\u00abS\u00edndrome CHARGE y coraz\u00f3n: estudio desde el feto hasta el adulto<strong style=\"color: #000000;\">\u00bb\u00a0<\/strong>a cargo de\u00a0la dra.\u00a0<span style=\"color: #000000;\">Luc\u00eda Deiros Bronte<\/span><\/em><\/p>\n<p dir=\"ltr\"><em>10.45h. Intermedio y peque\u00f1o desayuno.<\/em><\/p>\n<p dir=\"ltr\"><em>11.15h. Ponencia \u00ab<span style=\"color: #222222;\">Aspectos Cl\u00ednicos , Seguimiento y Aspectos Gen\u00e9ticos del S\u00edndrome Charge.\u00bb\u00a0<\/span>a cargo de los doctores\u00a0<span style=\"color: #222222;\">Sixto Garcia Mi\u00f1aur y Fernando Santos Simarro<\/span><\/em><\/p>\n<p dir=\"ltr\"><em>12:00h La vida seg\u00fan un afectado por S\u00edndrome CHARGE, a cargo de nuestro Javi.<\/em><\/p>\n<p dir=\"ltr\">12:15h Rueda de preguntas<\/p>\n<p>13:15h Cierre de ponencias y entrega de obsequios.<\/p>\n<p>14:00h Comida en el hotel para quienes han solicitado este servicio.<\/p>\n<p><span style=\"text-decoration: underline;\"><strong>S\u00e1bado tarde<\/strong><\/span><\/p>\n<p>III Asamblea General de Socios de la Asociaci\u00f3n S\u00edndrome Charge.<\/p>\n<p dir=\"ltr\">Hora: 15:30h<\/p>\n<p dir=\"ltr\">Lugar de Celebraci\u00f3n: Sala Cervantes del Hotel Alcal\u00e1 Plaza<\/p>\n<p dir=\"ltr\"><span style=\"text-decoration: underline;\">Se recuerda que la asistencia a la Asamblea General de Socios esta permitida solo a socios.<\/span><\/p>\n<p dir=\"ltr\"><span style=\"text-decoration: underline;\"><strong>Domingo ma\u00f1ana<\/strong><\/span><\/p>\n<ul>\n<li dir=\"ltr\">\n<p dir=\"ltr\">10:00h Charla-taller \u00ab<span style=\"color: #222222;\">Manejo anest\u00e9sico: qu\u00e9 pasa al otro lado? \u00ab<\/span>\u00a0a cargo de\u00a0Dra. Raquel Chaves ,Licenciada en Medicina y Ciruj\u00eda. Titulo especialista en Anestesiolog\u00eda, Reanimaci\u00f3n.\u00a0Miembro de la Sociedad Espa\u00f1ola de Anestesiolog\u00eda y Reanimaci\u00f3n<\/p>\n<\/li>\n<\/ul>\n<ul>\n<li dir=\"ltr\">\n<p dir=\"ltr\">11:00h \u00abIntervenci\u00f3n en Atenci\u00f3n Temprana en ni\u00f1os con s\u00edndrome de Charge\u00bb,<strong>\u00a0<\/strong><b>\u00a0\u00a0<\/b>Taller impartido por\u00a0Paula Villena Bolinches,Psic\u00f3loga infanto-juvenil y Conchi Mora de Marcos, Maestra de E.especial y audici\u00f3n y lenguaje. Especialista en psicomotricidad \u00a0y experta en diagn\u00f3stico e intervenci\u00f3n en hipoacusia infantil.<\/p>\n<\/li>\n<li dir=\"ltr\">\n<p dir=\"ltr\">12:00h\u00a0\u201cPapel de la fisioterapia en el desarrollo motor del S\u00edndrome de Charge\u201d. Impartido por \u00c1lvaro Mateos Nogal, coordinador del Servicio de Atenci\u00f3n Integral SAIDI \u2013 APHISA y fisioterapeuta especializado en neurolog\u00eda infantil; y Severiano Orihuela Ar\u00e9valo, fisioterapeuta especializado en neurolog\u00eda infantil.<\/p>\n<\/li>\n<\/ul>\n<p dir=\"ltr\"><b>Fin de Congreso.<\/b><\/p>\n<p dir=\"ltr\" style=\"text-align: center;\"><strong><span style=\"text-decoration: underline;\"><span style=\"color: #00ccff; text-decoration: underline;\">Programa infantil<\/span><\/span><\/strong><\/p>\n<p dir=\"ltr\" style=\"text-align: left;\">De la misma forma en que en el II Congreso cont\u00e1bamos con voluntarios que se hicieran cargo de nuestros hijos, en este III Congreso vamos a seguir en la misma linea y contaremos tambien con un elenco de voluntarios procedentes de la asociaci\u00f3n Aphisa de Alcal\u00e1 de Henares que se haran cargo de ellos\u00a0y les prepararan actividades l\u00fadicas.<\/p>\n<p><span style=\"text-decoration: underline;\"><strong>S\u00e1bado<\/strong><\/span><\/p>\n<p>10:00-11:30\u00a0Taller de psicomotricidad fina, plastelina.<\/p>\n<p>11:30-11:45 Descanso , acompa\u00f1ados de monitores<\/p>\n<p>11:45-13:15 Actividad L\u00fadica con t\u00e9mpera<\/p>\n<p>13:15-13:30 Descanso, acompa\u00f1ados de monitores<\/p>\n<p>15:30-16:30 Proyecci\u00f3n cinematogr\u00e1fica animada<\/p>\n<p>16:30-16:45 Descanso, acompa\u00f1ados de monitores<\/p>\n<p>16:45-18:15 Musicoterapia y pintacaras<\/p>\n<p>18:30-19:00 Taller de relajacion<\/p>\n<p><span style=\"text-decoration: underline;\"><strong>Domingo<\/strong><\/span><\/p>\n<p>10:00-11:30 Taller de psicomotricidad fina con arroz<\/p>\n<p>11:30-11:45 Descanso , acompa\u00f1ados de monitores<\/p>\n<p>11:45-13:15 Fiesta final de congreso<\/p>\n<p>13:15-13:30 Descanso, acompa\u00f1ados de monitores<\/p>\n<p>&nbsp;<\/p>\n<p dir=\"ltr\"><strong><span style=\"color: #00ccff;\">NUESTROS PONENTES<\/span><\/strong><\/p>\n<p>&nbsp;<\/p>\n<p dir=\"ltr\"><strong><em>Dra.\u00a0<span style=\"color: #000000;\">Luc\u00eda Deiros Bronte<\/span><\/em><\/strong><\/p>\n<p><span style=\"color: #000000;\">M\u00e9dico adjunto de Cardiolog\u00eda Infantil hospital La Paz cuya trayectoria laboral se ha centrado en el estudio y tratamiento de las cardiopat\u00edas cong\u00e9nitas\u00a0 y sus implicaciones cl\u00ednicas desde la \u00e9poca fetal<\/span><\/p>\n<p>&nbsp;<\/p>\n<p dir=\"ltr\"><strong><em><span style=\"color: #222222;\">Dres. Sixto Garcia Mi\u00f1aur y Fernando Santos Simarro<\/span><\/em><\/strong><\/p>\n<p><span style=\"color: #222222;\">Son Medicos del Departamento de Genetica del Hospital La Paz , Pediatras y Genetistas Clinicos del INGEMM (Instituto de Genetica Medica y Molecular.<\/span><\/p>\n<p>&nbsp;<\/p>\n<p dir=\"ltr\"><span style=\"color: #00ccff;\"><strong>TALLERES PR\u00c1CTICOS:<\/strong><\/span><\/p>\n<p dir=\"ltr\"><span style=\"text-decoration: underline;\"><strong>Din\u00e1mica de los talleres:<\/strong><\/span><\/p>\n<p dir=\"ltr\">Los talleres se realizaran de forma secuencial uno tras otro.<\/p>\n<p dir=\"ltr\"><span style=\"text-decoration: underline;\"><strong>Descripci\u00f3n de los Talleres:<\/strong><\/span><\/p>\n<p>&nbsp;<\/p>\n<ul>\n<li><strong>\u00a0<span style=\"color: #222222;\">Manejo anest\u00e9sico: qu\u00e9 pasa al otro lado? \u00a0<\/span><\/strong>Charla taller impartida por la Dra. Raquel Chaves del hospital de Torrejon de Ardoz,\u00a0Licenciada en Medicina y Ciruj\u00eda. Titulo especialista en Anestesiolog\u00eda, Reanimaci\u00f3n.\u00a0Miembro de la Sociedad Espa\u00f1ola de Anestesiolog\u00eda y Reanimaci\u00f3n<\/li>\n<\/ul>\n<ul>\n<li dir=\"ltr\"><strong>Intervenci\u00f3n en Atenci\u00f3n Temprana en ni\u00f1os con s\u00edndrome de Charge \u00a0\u00a0<\/strong><b>\u00a0\u00a0<\/b>Taller impartido por\u00a0Paula Villena Bolinches. Psic\u00f3loga infanto-juvenil en atenci\u00f3n temprana en trastorno del espectro autista y neuropsicolog\u00eda infantil y \u00a0Conchi Mora de Marcos, Maestra de E.especial y audici\u00f3n y lenguaje. Especialista en psicomotricidad \u00a0y experta en diagn\u00f3stico e intervenci\u00f3n en hipoacusia infantil.<\/li>\n<\/ul>\n<ul>\n<li dir=\"ltr\">\u00a0<strong>Fisioterapia\u00a0<\/strong>\u201cPapel de la fisioterapia en el desarrollo motor del S\u00edndrome de Charge\u201d. Impartido por \u00c1lvaro Mateos Nogal, coordinador del Servicio de Atenci\u00f3n Integral SAIDI \u2013 APHISA y fisioterapeuta especializado en neurolog\u00eda infantil; y Severiano Orihuela Ar\u00e9valo, fisioterapeuta especializado en neurolog\u00eda infantil.<\/li>\n<\/ul>\n<p>&nbsp;<\/p>\n<p dir=\"ltr\"><strong><span style=\"color: #00ccff;\">Precios<\/span><\/strong><\/p>\n<p dir=\"ltr\">Habitaci\u00f3n doble o doble uso individual 40\u20ac\/noche<\/p>\n<p dir=\"ltr\"><span style=\"color: #222222;\">Habitaci\u00f3n triple ( 2 adultos + 1 ni\u00f1o hasta 8 a\u00f1os) 55,00\u20ac\/noche<\/span><br style=\"color: #222222;\" \/><br style=\"color: #222222;\" \/><span style=\"color: #222222;\">Habitaci\u00f3n triple ( 2 adultos + 1 ni\u00f1o mayor de 8 a\u00f1os) 60,00\u20ac\/noche<\/span><br style=\"color: #222222;\" \/><br style=\"color: #222222;\" \/><span style=\"color: #222222;\">Los precios incluyen iva y desayuno en todos los casos<\/span><\/p>\n<p dir=\"ltr\">El precio de la comida en el hotel es de 9,75\u20ac \/ persona para los adultos y de 8\u20ac\/persona los ni\u00f1os.<\/p>\n<p dir=\"ltr\"><strong>El hotel esta ubicado a escasos metros de un centro comercial donde hay gran variedad de restaurantes y zonas de ocio.<\/strong><\/p>\n<p dir=\"ltr\">Queremos destacar que el parking es al aire libre, se puede aparcar delante del hotel o en el centro comercial.<\/p>\n<h2 dir=\"ltr\"><\/h2>\n<p>Han colaborado:<\/p>\n<p>&nbsp;<\/p>\n\n<table id=\"tablepress-1\" class=\"tablepress tablepress-id-1\">\n<tbody>\n<tr class=\"row-1\">\n\t<td class=\"column-1\"><img loading=\"lazy\" decoding=\"async\" src=\"http:\/\/sindromecharge.es\/wp-content\/uploads\/2014\/10\/alcala-300x116.jpg\" alt=\"\" width=\"300\" height=\"116\" class=\"aligncenter size-medium wp-image-1116\" srcset=\"https:\/\/sindromecharge.es\/wp-content\/uploads\/2014\/10\/alcala-300x116.jpg 300w, https:\/\/sindromecharge.es\/wp-content\/uploads\/2014\/10\/alcala.jpg 345w\" sizes=\"auto, (max-width: 300px) 100vw, 300px\" \/><\/td><td class=\"column-2\"><img loading=\"lazy\" decoding=\"async\" src=\"http:\/\/sindromecharge.es\/wp-content\/uploads\/2014\/10\/aphisa.jpg\" alt=\"\" width=\"254\" height=\"135\" class=\"aligncenter size-full wp-image-1115\" \/><\/td>\n<\/tr>\n<tr class=\"row-2\">\n\t<td class=\"column-1\"><br \/>\n<img loading=\"lazy\" decoding=\"async\" src=\"http:\/\/sindromecharge.es\/wp-content\/uploads\/2014\/10\/unnamed.jpg\" alt=\"\" width=\"176\" height=\"88\" class=\"aligncenter size-full wp-image-1114\" \/><\/td><td class=\"column-2\"><img loading=\"lazy\" decoding=\"async\" src=\"http:\/\/sindromecharge.es\/wp-content\/uploads\/2014\/10\/akous-300x145.jpg\" alt=\"\" width=\"300\" height=\"145\" class=\"aligncenter size-medium wp-image-1125\" srcset=\"https:\/\/sindromecharge.es\/wp-content\/uploads\/2014\/10\/akous-300x145.jpg 300w, https:\/\/sindromecharge.es\/wp-content\/uploads\/2014\/10\/akous.jpg 338w\" sizes=\"auto, (max-width: 300px) 100vw, 300px\" \/><\/td>\n<\/tr>\n<tr class=\"row-3\">\n\t<td class=\"column-1\"><img loading=\"lazy\" decoding=\"async\" src=\"http:\/\/sindromecharge.es\/wp-content\/uploads\/2014\/10\/bea.jpg\" alt=\"\" width=\"280\" height=\"281\" class=\"aligncenter size-full wp-image-1123\" srcset=\"https:\/\/sindromecharge.es\/wp-content\/uploads\/2014\/10\/bea.jpg 280w, https:\/\/sindromecharge.es\/wp-content\/uploads\/2014\/10\/bea-150x150.jpg 150w\" sizes=\"auto, (max-width: 280px) 100vw, 280px\" \/><\/td><td class=\"column-2\"><br \/>\n<br \/>\n<img loading=\"lazy\" decoding=\"async\" src=\"http:\/\/sindromecharge.es\/wp-content\/uploads\/2014\/10\/raras.jpg\" alt=\"\" width=\"187\" height=\"174\" class=\"aligncenter size-full wp-image-1121\" \/><\/td>\n<\/tr>\n<tr class=\"row-4\">\n\t<td class=\"column-1\"><img loading=\"lazy\" decoding=\"async\" src=\"http:\/\/sindromecharge.es\/wp-content\/uploads\/2014\/10\/grupodamm-300x300.png\" alt=\"\" width=\"300\" height=\"300\" class=\"aligncenter size-medium wp-image-1113\" srcset=\"https:\/\/sindromecharge.es\/wp-content\/uploads\/2014\/10\/grupodamm.png 300w, https:\/\/sindromecharge.es\/wp-content\/uploads\/2014\/10\/grupodamm-150x150.png 150w\" sizes=\"auto, (max-width: 300px) 100vw, 300px\" \/><\/td><td class=\"column-2\"><br \/>\n<br \/>\n<br \/>\n<img loading=\"lazy\" decoding=\"async\" src=\"http:\/\/sindromecharge.es\/wp-content\/uploads\/2014\/10\/aice-300x158.jpg\" alt=\"\" width=\"300\" height=\"158\" class=\"aligncenter size-medium wp-image-1124\" srcset=\"https:\/\/sindromecharge.es\/wp-content\/uploads\/2014\/10\/aice-300x158.jpg 300w, https:\/\/sindromecharge.es\/wp-content\/uploads\/2014\/10\/aice.jpg 600w\" sizes=\"auto, (max-width: 300px) 100vw, 300px\" \/><\/td>\n<\/tr>\n<\/tbody>\n<\/table>\n<!-- #tablepress-1 from cache -->\n<p>&nbsp;<\/p>\n","protected":false},"excerpt":{"rendered":"<p>El Congreso se realizar\u00e1en colaboraci\u00f3n con Aphisa\u00a0en la ciudad de Alcal\u00e1 de Henares , a 34\u00a0km de Madrid, los d\u00edas 4 y 5 de Octubre de 2014. \u00a0La asistencia\u00a0es gratuita pero requiere inscripci\u00f3n. La inscripci\u00f3n pude realizarse siguiendo este enlace. Programa Viernes Tarde, primeras inscripciones a las familias Charge. Cena en el mismo hotel. S\u00e1bado [&hellip;]<\/p>\n","protected":false},"author":1,"featured_media":0,"parent":0,"menu_order":0,"comment_status":"closed","ping_status":"closed","template":"","meta":{"footnotes":""},"class_list":["post-919","page","type-page","status-publish","hentry"],"yoast_head":"<!-- This site is optimized with the Yoast SEO plugin v27.5 - https:\/\/yoast.com\/product\/yoast-seo-wordpress\/ -->\n<title>III Congreso S\u00edndrome CHARGE<\/title>\n<meta name=\"robots\" content=\"index, follow, max-snippet:-1, max-image-preview:large, max-video-preview:-1\" \/>\n<link rel=\"canonical\" href=\"https:\/\/sindromecharge.es\/index.php\/iii-congreso-sindrome-charge\/\" \/>\n<meta property=\"og:locale\" content=\"es_ES\" \/>\n<meta property=\"og:type\" content=\"article\" \/>\n<meta property=\"og:title\" content=\"III Congreso S\u00edndrome CHARGE\" \/>\n<meta property=\"og:description\" content=\"El Congreso se realizar\u00e1en colaboraci\u00f3n con Aphisa\u00a0en la ciudad de Alcal\u00e1 de Henares , a 34\u00a0km de Madrid, los d\u00edas 4 y 5 de Octubre de 2014. \u00a0La asistencia\u00a0es gratuita pero requiere inscripci\u00f3n. La inscripci\u00f3n pude realizarse siguiendo este enlace. Programa Viernes Tarde, primeras inscripciones a las familias Charge. Cena en el mismo hotel. S\u00e1bado [&hellip;]\" \/>\n<meta property=\"og:url\" content=\"https:\/\/sindromecharge.es\/index.php\/iii-congreso-sindrome-charge\/\" \/>\n<meta property=\"og:site_name\" content=\"Asociaci\u00f3n Espa\u00f1ola S\u00edndrome de Charge\" \/>\n<meta property=\"article:publisher\" content=\"https:\/\/www.facebook.com\/asociacionsindromecharge\" \/>\n<meta property=\"article:modified_time\" content=\"2014-10-14T08:26:34+00:00\" \/>\n<meta property=\"og:image\" content=\"https:\/\/sindromecharge.es\/wp-content\/uploads\/2013\/09\/logodecharge300x98.png\" \/>\n\t<meta property=\"og:image:width\" content=\"300\" \/>\n\t<meta property=\"og:image:height\" content=\"98\" \/>\n\t<meta property=\"og:image:type\" content=\"image\/png\" \/>\n<meta name=\"twitter:card\" content=\"summary_large_image\" \/>\n<meta name=\"twitter:site\" content=\"@sindromecharge\" \/>\n<meta name=\"twitter:label1\" content=\"Tiempo de lectura\" \/>\n\t<meta name=\"twitter:data1\" content=\"4 minutos\" \/>\n<script type=\"application\/ld+json\" class=\"yoast-schema-graph\">{\"@context\":\"https:\\\/\\\/schema.org\",\"@graph\":[{\"@type\":\"WebPage\",\"@id\":\"https:\\\/\\\/sindromecharge.es\\\/index.php\\\/iii-congreso-sindrome-charge\\\/\",\"url\":\"https:\\\/\\\/sindromecharge.es\\\/index.php\\\/iii-congreso-sindrome-charge\\\/\",\"name\":\"III Congreso S\u00edndrome CHARGE\",\"isPartOf\":{\"@id\":\"https:\\\/\\\/sindromecharge.es\\\/#website\"},\"datePublished\":\"2014-06-11T14:51:23+00:00\",\"dateModified\":\"2014-10-14T08:26:34+00:00\",\"breadcrumb\":{\"@id\":\"https:\\\/\\\/sindromecharge.es\\\/index.php\\\/iii-congreso-sindrome-charge\\\/#breadcrumb\"},\"inLanguage\":\"es\",\"potentialAction\":[{\"@type\":\"ReadAction\",\"target\":[\"https:\\\/\\\/sindromecharge.es\\\/index.php\\\/iii-congreso-sindrome-charge\\\/\"]}]},{\"@type\":\"BreadcrumbList\",\"@id\":\"https:\\\/\\\/sindromecharge.es\\\/index.php\\\/iii-congreso-sindrome-charge\\\/#breadcrumb\",\"itemListElement\":[{\"@type\":\"ListItem\",\"position\":1,\"name\":\"Portada\",\"item\":\"https:\\\/\\\/sindromecharge.es\\\/\"},{\"@type\":\"ListItem\",\"position\":2,\"name\":\"III Congreso S\u00edndrome CHARGE\"}]},{\"@type\":\"WebSite\",\"@id\":\"https:\\\/\\\/sindromecharge.es\\\/#website\",\"url\":\"https:\\\/\\\/sindromecharge.es\\\/\",\"name\":\"Asociaci\u00f3n Espa\u00f1ola S\u00edndrome de Charge\",\"description\":\"\",\"potentialAction\":[{\"@type\":\"SearchAction\",\"target\":{\"@type\":\"EntryPoint\",\"urlTemplate\":\"https:\\\/\\\/sindromecharge.es\\\/?s={search_term_string}\"},\"query-input\":{\"@type\":\"PropertyValueSpecification\",\"valueRequired\":true,\"valueName\":\"search_term_string\"}}],\"inLanguage\":\"es\"}]}<\/script>\n<!-- \/ Yoast SEO plugin. -->","yoast_head_json":{"title":"III Congreso S\u00edndrome CHARGE","robots":{"index":"index","follow":"follow","max-snippet":"max-snippet:-1","max-image-preview":"max-image-preview:large","max-video-preview":"max-video-preview:-1"},"canonical":"https:\/\/sindromecharge.es\/index.php\/iii-congreso-sindrome-charge\/","og_locale":"es_ES","og_type":"article","og_title":"III Congreso S\u00edndrome CHARGE","og_description":"El Congreso se realizar\u00e1en colaboraci\u00f3n con Aphisa\u00a0en la ciudad de Alcal\u00e1 de Henares , a 34\u00a0km de Madrid, los d\u00edas 4 y 5 de Octubre de 2014. \u00a0La asistencia\u00a0es gratuita pero requiere inscripci\u00f3n. La inscripci\u00f3n pude realizarse siguiendo este enlace. Programa Viernes Tarde, primeras inscripciones a las familias Charge. Cena en el mismo hotel. S\u00e1bado [&hellip;]","og_url":"https:\/\/sindromecharge.es\/index.php\/iii-congreso-sindrome-charge\/","og_site_name":"Asociaci\u00f3n Espa\u00f1ola S\u00edndrome de Charge","article_publisher":"https:\/\/www.facebook.com\/asociacionsindromecharge","article_modified_time":"2014-10-14T08:26:34+00:00","og_image":[{"width":300,"height":98,"url":"https:\/\/sindromecharge.es\/wp-content\/uploads\/2013\/09\/logodecharge300x98.png","type":"image\/png"}],"twitter_card":"summary_large_image","twitter_site":"@sindromecharge","twitter_misc":{"Tiempo de lectura":"4 minutos"},"schema":{"@context":"https:\/\/schema.org","@graph":[{"@type":"WebPage","@id":"https:\/\/sindromecharge.es\/index.php\/iii-congreso-sindrome-charge\/","url":"https:\/\/sindromecharge.es\/index.php\/iii-congreso-sindrome-charge\/","name":"III Congreso S\u00edndrome CHARGE","isPartOf":{"@id":"https:\/\/sindromecharge.es\/#website"},"datePublished":"2014-06-11T14:51:23+00:00","dateModified":"2014-10-14T08:26:34+00:00","breadcrumb":{"@id":"https:\/\/sindromecharge.es\/index.php\/iii-congreso-sindrome-charge\/#breadcrumb"},"inLanguage":"es","potentialAction":[{"@type":"ReadAction","target":["https:\/\/sindromecharge.es\/index.php\/iii-congreso-sindrome-charge\/"]}]},{"@type":"BreadcrumbList","@id":"https:\/\/sindromecharge.es\/index.php\/iii-congreso-sindrome-charge\/#breadcrumb","itemListElement":[{"@type":"ListItem","position":1,"name":"Portada","item":"https:\/\/sindromecharge.es\/"},{"@type":"ListItem","position":2,"name":"III Congreso S\u00edndrome CHARGE"}]},{"@type":"WebSite","@id":"https:\/\/sindromecharge.es\/#website","url":"https:\/\/sindromecharge.es\/","name":"Asociaci\u00f3n Espa\u00f1ola S\u00edndrome de Charge","description":"","potentialAction":[{"@type":"SearchAction","target":{"@type":"EntryPoint","urlTemplate":"https:\/\/sindromecharge.es\/?s={search_term_string}"},"query-input":{"@type":"PropertyValueSpecification","valueRequired":true,"valueName":"search_term_string"}}],"inLanguage":"es"}]}},"_links":{"self":[{"href":"https:\/\/sindromecharge.es\/index.php\/wp-json\/wp\/v2\/pages\/919","targetHints":{"allow":["GET"]}}],"collection":[{"href":"https:\/\/sindromecharge.es\/index.php\/wp-json\/wp\/v2\/pages"}],"about":[{"href":"https:\/\/sindromecharge.es\/index.php\/wp-json\/wp\/v2\/types\/page"}],"author":[{"embeddable":true,"href":"https:\/\/sindromecharge.es\/index.php\/wp-json\/wp\/v2\/users\/1"}],"replies":[{"embeddable":true,"href":"https:\/\/sindromecharge.es\/index.php\/wp-json\/wp\/v2\/comments?post=919"}],"version-history":[{"count":0,"href":"https:\/\/sindromecharge.es\/index.php\/wp-json\/wp\/v2\/pages\/919\/revisions"}],"wp:attachment":[{"href":"https:\/\/sindromecharge.es\/index.php\/wp-json\/wp\/v2\/media?parent=919"}],"curies":[{"name":"wp","href":"https:\/\/api.w.org\/{rel}","templated":true}]}}