{"id":1911,"date":"2016-08-30T16:37:10","date_gmt":"2016-08-30T16:37:10","guid":{"rendered":"http:\/\/sindromecharge.es\/?page_id=1911"},"modified":"2016-08-30T16:37:10","modified_gmt":"2016-08-30T16:37:10","slug":"programa-v-congreso-charge-malaga","status":"publish","type":"page","link":"https:\/\/sindromecharge.es\/index.php\/congreso-sindrome-charge-2016\/programa-v-congreso-charge-malaga\/","title":{"rendered":"Programa V Congreso CHARGE , M\u00e1laga"},"content":{"rendered":"<p><b>VIERNES TARDE: <\/b>PRIMERAS INSCRIPCIONES A LAS FAMILIAS CHARGE.<\/p>\n<div><\/div>\n<div><b>S\u00c1BADO MA\u00d1ANA:<\/b>\u00a0PONENCIAS<\/div>\n<div><\/div>\n<div>LUGAR PONENCIA HOTEL RINCONSOL ( RINC\u00d3N DE LA VICTORIA).<\/div>\n<div><\/div>\n<div>9.30h. ACREDITACIONES.<\/div>\n<div><\/div>\n<div>10.00H. PONENCIA \u00abPATOLOG\u00cdA OFTALMOL\u00d3GICA Y ORAL EN EL SINDROME CHARGE\u00bb A CARGO DE LOS DOCTORES <b>ANTONIO DELGADO MOLINA<\/b>\u00a0ESPECIALISTA EN OFTALMOLOG\u00cdA Y DOCTOR POR LA UNIVERSIDAD COMPLUTENSE DE MADRID, MASTER EN OCULOPROTESIS Y PROF. MASTER DE URGENCIAS DE LA UJA.<\/div>\n<div>Y <b>JOS\u00c9 M\u00aa DELGADO <\/b>PRO. DR. UNIVERSIDAD DE SEVILLA EN CIRUJ\u00cdA BUCAL AVANZADA Y PACIENTES ESPECIALES.<\/div>\n<div><\/div>\n<div>11.30 RUEDA DE PREGUNTAS<\/div>\n<div><\/div>\n<div>12.00 PAUSA Y PEQUE\u00d1O CAF\u00c9<\/div>\n<div><\/div>\n<div>12.30 TALLER DE INTELIGENCIA EMOCIONAL A CARGO DE MONICA GUITIERREZ \u00bb TERAPEUTA EMOCIONAL\u00bb<\/div>\n<div><\/div>\n<div>13.30 CIERRE DE PONENCIAS Y ENTREGA DE OBSEQUIOS.<\/div>\n<div><\/div>\n<div>14.00 COMIDA EN EL HOTEL PARA QUIENES HAN SOLICITADO ESTE SERVICIO<\/div>\n<div><\/div>\n<div><b>S\u00c1BADO TARDE<\/b><\/div>\n<div><b>\u00a0<\/b><\/div>\n<div>V ASAMBLEA GENERAL DE SOCIOS DE LA ASOCIACI\u00d3N SINDROME CHARGE<\/div>\n<div><\/div>\n<div>HORA: 15:30H<\/div>\n<div><\/div>\n<div><u>SE RECUERDA QUE LA ASISTENCIA A LA ASAMBLEA GENERAL DE SOCIOS ESTA PERMITIDA SOLO A SOCIOS.<\/u><\/div>\n<div><u>\u00a0<\/u><\/div>\n<div><b>DOMINGO MA\u00d1ANA<\/b><\/div>\n<div><b>\u00a0<\/b><\/div>\n<div>10.00\u00a0TERAPIA MULTIFUNCIONAL, INTRODUCCI\u00d3N TE\u00d3RICA SOBRE EL DESARROLLO DE LA MUSCULATURA OROFACIAL IMPLICADA EN LA MASTICACI\u00d3N , DEGLUCI\u00d3N Y ARTICULACI\u00d3N,Y EJERCICIOS PR\u00c1CTICOS PARA LA MASTICACI\u00d3N, DEGLUCI\u00d3N Y ARTICULACI\u00d3N A CARGO DE <b>LIDIA P\u00c9REZ CUESTA LOGOPEDA Y CARMEN MART\u00cdN LOGOPEDA.<\/b><\/div>\n<div><b>\u00a0<\/b><\/div>\n<div>11.30 LA VIDA EN FAMILIA JUEGO CON PAPA Y MAMA , COMPARTO CON MIS HERMANOSY AUTONOM\u00cdA Y ASEO PERSONAL A CARGO DE <b>GEMA RODR\u00cdGUEZ PS\u00cdCOLOGA.<\/b><\/div>\n<div><b>\u00a0<\/b><\/div>\n<div><b>FIN DE CONGRESO.<\/b><\/div>\n","protected":false},"excerpt":{"rendered":"<p>VIERNES TARDE: PRIMERAS INSCRIPCIONES A LAS FAMILIAS CHARGE. S\u00c1BADO MA\u00d1ANA:\u00a0PONENCIAS LUGAR PONENCIA HOTEL RINCONSOL ( RINC\u00d3N DE LA VICTORIA). 9.30h. ACREDITACIONES. 10.00H. PONENCIA \u00abPATOLOG\u00cdA OFTALMOL\u00d3GICA Y ORAL EN EL SINDROME CHARGE\u00bb A CARGO DE LOS DOCTORES ANTONIO DELGADO MOLINA\u00a0ESPECIALISTA EN OFTALMOLOG\u00cdA Y DOCTOR POR LA UNIVERSIDAD COMPLUTENSE DE MADRID, MASTER EN OCULOPROTESIS Y PROF. MASTER [&hellip;]<\/p>\n","protected":false},"author":1,"featured_media":0,"parent":1776,"menu_order":0,"comment_status":"closed","ping_status":"closed","template":"","meta":{"footnotes":""},"class_list":["post-1911","page","type-page","status-publish","hentry"],"yoast_head":"<!-- This site is optimized with the Yoast SEO plugin v27.5 - https:\/\/yoast.com\/product\/yoast-seo-wordpress\/ -->\n<title>Programa V Congreso CHARGE , M\u00e1laga - Asociaci\u00f3n Espa\u00f1ola S\u00edndrome de Charge<\/title>\n<meta name=\"robots\" content=\"index, follow, max-snippet:-1, max-image-preview:large, max-video-preview:-1\" \/>\n<link rel=\"canonical\" href=\"https:\/\/sindromecharge.es\/index.php\/congreso-sindrome-charge-2016\/programa-v-congreso-charge-malaga\/\" \/>\n<meta property=\"og:locale\" content=\"es_ES\" \/>\n<meta property=\"og:type\" content=\"article\" \/>\n<meta property=\"og:title\" content=\"Programa V Congreso CHARGE , M\u00e1laga - Asociaci\u00f3n Espa\u00f1ola S\u00edndrome de Charge\" \/>\n<meta property=\"og:description\" content=\"VIERNES TARDE: PRIMERAS INSCRIPCIONES A LAS FAMILIAS CHARGE. S\u00c1BADO MA\u00d1ANA:\u00a0PONENCIAS LUGAR PONENCIA HOTEL RINCONSOL ( RINC\u00d3N DE LA VICTORIA). 9.30h. ACREDITACIONES. 10.00H. PONENCIA \u00abPATOLOG\u00cdA OFTALMOL\u00d3GICA Y ORAL EN EL SINDROME CHARGE\u00bb A CARGO DE LOS DOCTORES ANTONIO DELGADO MOLINA\u00a0ESPECIALISTA EN OFTALMOLOG\u00cdA Y DOCTOR POR LA UNIVERSIDAD COMPLUTENSE DE MADRID, MASTER EN OCULOPROTESIS Y PROF. MASTER [&hellip;]\" \/>\n<meta property=\"og:url\" content=\"https:\/\/sindromecharge.es\/index.php\/congreso-sindrome-charge-2016\/programa-v-congreso-charge-malaga\/\" \/>\n<meta property=\"og:site_name\" content=\"Asociaci\u00f3n Espa\u00f1ola S\u00edndrome de Charge\" \/>\n<meta property=\"article:publisher\" content=\"https:\/\/www.facebook.com\/asociacionsindromecharge\" \/>\n<meta property=\"og:image\" content=\"https:\/\/sindromecharge.es\/wp-content\/uploads\/2013\/09\/logodecharge300x98.png\" \/>\n\t<meta property=\"og:image:width\" content=\"300\" \/>\n\t<meta property=\"og:image:height\" content=\"98\" \/>\n\t<meta property=\"og:image:type\" content=\"image\/png\" \/>\n<meta name=\"twitter:card\" content=\"summary_large_image\" \/>\n<meta name=\"twitter:site\" content=\"@sindromecharge\" \/>\n<meta name=\"twitter:label1\" content=\"Tiempo de lectura\" \/>\n\t<meta name=\"twitter:data1\" content=\"1 minuto\" \/>\n<script type=\"application\/ld+json\" class=\"yoast-schema-graph\">{\"@context\":\"https:\\\/\\\/schema.org\",\"@graph\":[{\"@type\":\"WebPage\",\"@id\":\"https:\\\/\\\/sindromecharge.es\\\/index.php\\\/congreso-sindrome-charge-2016\\\/programa-v-congreso-charge-malaga\\\/\",\"url\":\"https:\\\/\\\/sindromecharge.es\\\/index.php\\\/congreso-sindrome-charge-2016\\\/programa-v-congreso-charge-malaga\\\/\",\"name\":\"Programa V Congreso CHARGE , M\u00e1laga - Asociaci\u00f3n Espa\u00f1ola S\u00edndrome de Charge\",\"isPartOf\":{\"@id\":\"https:\\\/\\\/sindromecharge.es\\\/#website\"},\"datePublished\":\"2016-08-30T16:37:10+00:00\",\"breadcrumb\":{\"@id\":\"https:\\\/\\\/sindromecharge.es\\\/index.php\\\/congreso-sindrome-charge-2016\\\/programa-v-congreso-charge-malaga\\\/#breadcrumb\"},\"inLanguage\":\"es\",\"potentialAction\":[{\"@type\":\"ReadAction\",\"target\":[\"https:\\\/\\\/sindromecharge.es\\\/index.php\\\/congreso-sindrome-charge-2016\\\/programa-v-congreso-charge-malaga\\\/\"]}]},{\"@type\":\"BreadcrumbList\",\"@id\":\"https:\\\/\\\/sindromecharge.es\\\/index.php\\\/congreso-sindrome-charge-2016\\\/programa-v-congreso-charge-malaga\\\/#breadcrumb\",\"itemListElement\":[{\"@type\":\"ListItem\",\"position\":1,\"name\":\"Portada\",\"item\":\"https:\\\/\\\/sindromecharge.es\\\/\"},{\"@type\":\"ListItem\",\"position\":2,\"name\":\"V Congreso S\u00edndrome Charge\",\"item\":\"https:\\\/\\\/sindromecharge.es\\\/index.php\\\/congreso-sindrome-charge-2016\\\/\"},{\"@type\":\"ListItem\",\"position\":3,\"name\":\"Programa V Congreso CHARGE , M\u00e1laga\"}]},{\"@type\":\"WebSite\",\"@id\":\"https:\\\/\\\/sindromecharge.es\\\/#website\",\"url\":\"https:\\\/\\\/sindromecharge.es\\\/\",\"name\":\"Asociaci\u00f3n Espa\u00f1ola S\u00edndrome de Charge\",\"description\":\"\",\"potentialAction\":[{\"@type\":\"SearchAction\",\"target\":{\"@type\":\"EntryPoint\",\"urlTemplate\":\"https:\\\/\\\/sindromecharge.es\\\/?s={search_term_string}\"},\"query-input\":{\"@type\":\"PropertyValueSpecification\",\"valueRequired\":true,\"valueName\":\"search_term_string\"}}],\"inLanguage\":\"es\"}]}<\/script>\n<!-- \/ Yoast SEO plugin. -->","yoast_head_json":{"title":"Programa V Congreso CHARGE , M\u00e1laga - Asociaci\u00f3n Espa\u00f1ola S\u00edndrome de Charge","robots":{"index":"index","follow":"follow","max-snippet":"max-snippet:-1","max-image-preview":"max-image-preview:large","max-video-preview":"max-video-preview:-1"},"canonical":"https:\/\/sindromecharge.es\/index.php\/congreso-sindrome-charge-2016\/programa-v-congreso-charge-malaga\/","og_locale":"es_ES","og_type":"article","og_title":"Programa V Congreso CHARGE , M\u00e1laga - Asociaci\u00f3n Espa\u00f1ola S\u00edndrome de Charge","og_description":"VIERNES TARDE: PRIMERAS INSCRIPCIONES A LAS FAMILIAS CHARGE. S\u00c1BADO MA\u00d1ANA:\u00a0PONENCIAS LUGAR PONENCIA HOTEL RINCONSOL ( RINC\u00d3N DE LA VICTORIA). 9.30h. ACREDITACIONES. 10.00H. PONENCIA \u00abPATOLOG\u00cdA OFTALMOL\u00d3GICA Y ORAL EN EL SINDROME CHARGE\u00bb A CARGO DE LOS DOCTORES ANTONIO DELGADO MOLINA\u00a0ESPECIALISTA EN OFTALMOLOG\u00cdA Y DOCTOR POR LA UNIVERSIDAD COMPLUTENSE DE MADRID, MASTER EN OCULOPROTESIS Y PROF. MASTER [&hellip;]","og_url":"https:\/\/sindromecharge.es\/index.php\/congreso-sindrome-charge-2016\/programa-v-congreso-charge-malaga\/","og_site_name":"Asociaci\u00f3n Espa\u00f1ola S\u00edndrome de Charge","article_publisher":"https:\/\/www.facebook.com\/asociacionsindromecharge","og_image":[{"width":300,"height":98,"url":"https:\/\/sindromecharge.es\/wp-content\/uploads\/2013\/09\/logodecharge300x98.png","type":"image\/png"}],"twitter_card":"summary_large_image","twitter_site":"@sindromecharge","twitter_misc":{"Tiempo de lectura":"1 minuto"},"schema":{"@context":"https:\/\/schema.org","@graph":[{"@type":"WebPage","@id":"https:\/\/sindromecharge.es\/index.php\/congreso-sindrome-charge-2016\/programa-v-congreso-charge-malaga\/","url":"https:\/\/sindromecharge.es\/index.php\/congreso-sindrome-charge-2016\/programa-v-congreso-charge-malaga\/","name":"Programa V Congreso CHARGE , M\u00e1laga - Asociaci\u00f3n Espa\u00f1ola S\u00edndrome de Charge","isPartOf":{"@id":"https:\/\/sindromecharge.es\/#website"},"datePublished":"2016-08-30T16:37:10+00:00","breadcrumb":{"@id":"https:\/\/sindromecharge.es\/index.php\/congreso-sindrome-charge-2016\/programa-v-congreso-charge-malaga\/#breadcrumb"},"inLanguage":"es","potentialAction":[{"@type":"ReadAction","target":["https:\/\/sindromecharge.es\/index.php\/congreso-sindrome-charge-2016\/programa-v-congreso-charge-malaga\/"]}]},{"@type":"BreadcrumbList","@id":"https:\/\/sindromecharge.es\/index.php\/congreso-sindrome-charge-2016\/programa-v-congreso-charge-malaga\/#breadcrumb","itemListElement":[{"@type":"ListItem","position":1,"name":"Portada","item":"https:\/\/sindromecharge.es\/"},{"@type":"ListItem","position":2,"name":"V Congreso S\u00edndrome Charge","item":"https:\/\/sindromecharge.es\/index.php\/congreso-sindrome-charge-2016\/"},{"@type":"ListItem","position":3,"name":"Programa V Congreso CHARGE , M\u00e1laga"}]},{"@type":"WebSite","@id":"https:\/\/sindromecharge.es\/#website","url":"https:\/\/sindromecharge.es\/","name":"Asociaci\u00f3n Espa\u00f1ola S\u00edndrome de Charge","description":"","potentialAction":[{"@type":"SearchAction","target":{"@type":"EntryPoint","urlTemplate":"https:\/\/sindromecharge.es\/?s={search_term_string}"},"query-input":{"@type":"PropertyValueSpecification","valueRequired":true,"valueName":"search_term_string"}}],"inLanguage":"es"}]}},"_links":{"self":[{"href":"https:\/\/sindromecharge.es\/index.php\/wp-json\/wp\/v2\/pages\/1911","targetHints":{"allow":["GET"]}}],"collection":[{"href":"https:\/\/sindromecharge.es\/index.php\/wp-json\/wp\/v2\/pages"}],"about":[{"href":"https:\/\/sindromecharge.es\/index.php\/wp-json\/wp\/v2\/types\/page"}],"author":[{"embeddable":true,"href":"https:\/\/sindromecharge.es\/index.php\/wp-json\/wp\/v2\/users\/1"}],"replies":[{"embeddable":true,"href":"https:\/\/sindromecharge.es\/index.php\/wp-json\/wp\/v2\/comments?post=1911"}],"version-history":[{"count":0,"href":"https:\/\/sindromecharge.es\/index.php\/wp-json\/wp\/v2\/pages\/1911\/revisions"}],"up":[{"embeddable":true,"href":"https:\/\/sindromecharge.es\/index.php\/wp-json\/wp\/v2\/pages\/1776"}],"wp:attachment":[{"href":"https:\/\/sindromecharge.es\/index.php\/wp-json\/wp\/v2\/media?parent=1911"}],"curies":[{"name":"wp","href":"https:\/\/api.w.org\/{rel}","templated":true}]}}