{"id":1252,"date":"2015-09-12T13:38:52","date_gmt":"2015-09-12T13:38:52","guid":{"rendered":"http:\/\/sindromecharge.es\/?page_id=1252"},"modified":"2015-09-18T17:13:40","modified_gmt":"2015-09-18T17:13:40","slug":"iv-congreso-sindrome-charge","status":"publish","type":"page","link":"https:\/\/sindromecharge.es\/index.php\/iv-congreso-sindrome-charge\/","title":{"rendered":"IV Congreso S\u00edndrome Charge"},"content":{"rendered":"<p dir=\"ltr\">El <strong>IV Congreso S\u00edndrome Charge<\/strong> se realizar\u00e1\u00a0en la ciudad de <strong>Pamplona<\/strong>, los d\u00edas <strong>3 y 4 de Octubre de 2015<\/strong>. \u00a0<strong><br \/>\n<\/strong><\/p>\n<p>Las sesiones del congreso tendr\u00e1n lugar en el Museo Universidad de Navarra, que ha cedido gratuitamente sus instalaciones para la celebraci\u00f3n del <strong>IV Congreso S\u00edndrome CHARGE<\/strong>.<\/p>\n<p>El edificio se encuentra situado en el campus de la universidad, es obra del arquitecto navarro Rafael Moneo y fue inaugurado en enero de 2015.<\/p>\n<p>Cuenta con magnificas instalaciones para exposiciones, representaci\u00f3n de artes esc\u00e9nicas y realizaci\u00f3n de eventos como congresos. Tambi\u00e9n dispone de salas de exposiciones y talleres para el aprendizaje de las artes pl\u00e1sticas.<\/p>\n<p>&nbsp;<\/p>\n<p><a href=\"http:\/\/sindromecharge.es\/wp-content\/uploads\/2015\/09\/ivcongreso.jpg\"><img loading=\"lazy\" decoding=\"async\" class=\"aligncenter size-large wp-image-1256\" src=\"http:\/\/sindromecharge.es\/wp-content\/uploads\/2015\/09\/ivcongreso-1024x571.jpg\" alt=\"ivcongreso\" width=\"1024\" height=\"571\" srcset=\"https:\/\/sindromecharge.es\/wp-content\/uploads\/2015\/09\/ivcongreso-1024x571.jpg 1024w, https:\/\/sindromecharge.es\/wp-content\/uploads\/2015\/09\/ivcongreso-300x167.jpg 300w, https:\/\/sindromecharge.es\/wp-content\/uploads\/2015\/09\/ivcongreso.jpg 1600w\" sizes=\"auto, (max-width: 1024px) 100vw, 1024px\" \/><\/a><\/p>\n<p>&nbsp;<\/p>\n<p dir=\"ltr\">Pod\u00e9is acceder al programa, ubicaci\u00f3n e informaci\u00f3n de alojamiento desde el men\u00fa superior en el apartado EVENTOS.<\/p>\n<p dir=\"ltr\">Comentar que, igual que en la edici\u00f3n anterior, habr\u00e1 un servicio de voluntarios especializados que realizar\u00e1n diferentes actividades para los ni\u00f1os durante todo el congreso.<\/p>\n","protected":false},"excerpt":{"rendered":"<p>El IV Congreso S\u00edndrome Charge se realizar\u00e1\u00a0en la ciudad de Pamplona, los d\u00edas 3 y 4 de Octubre de 2015. \u00a0 Las sesiones del congreso tendr\u00e1n lugar en el Museo Universidad de Navarra, que ha cedido gratuitamente sus instalaciones para la celebraci\u00f3n del IV Congreso S\u00edndrome CHARGE. El edificio se encuentra situado en el campus [&hellip;]<\/p>\n","protected":false},"author":1,"featured_media":0,"parent":0,"menu_order":0,"comment_status":"closed","ping_status":"closed","template":"","meta":{"footnotes":""},"class_list":["post-1252","page","type-page","status-publish","hentry"],"yoast_head":"<!-- This site is optimized with the Yoast SEO plugin v27.5 - https:\/\/yoast.com\/product\/yoast-seo-wordpress\/ -->\n<title>IV Congreso S\u00edndrome Charge<\/title>\n<meta name=\"robots\" content=\"index, follow, max-snippet:-1, max-image-preview:large, max-video-preview:-1\" \/>\n<link rel=\"canonical\" href=\"https:\/\/sindromecharge.es\/index.php\/iv-congreso-sindrome-charge\/\" \/>\n<meta property=\"og:locale\" content=\"es_ES\" \/>\n<meta property=\"og:type\" content=\"article\" \/>\n<meta property=\"og:title\" content=\"IV Congreso S\u00edndrome Charge\" \/>\n<meta property=\"og:description\" content=\"El IV Congreso S\u00edndrome Charge se realizar\u00e1\u00a0en la ciudad de Pamplona, los d\u00edas 3 y 4 de Octubre de 2015. \u00a0 Las sesiones del congreso tendr\u00e1n lugar en el Museo Universidad de Navarra, que ha cedido gratuitamente sus instalaciones para la celebraci\u00f3n del IV Congreso S\u00edndrome CHARGE. El edificio se encuentra situado en el campus [&hellip;]\" \/>\n<meta property=\"og:url\" content=\"https:\/\/sindromecharge.es\/index.php\/iv-congreso-sindrome-charge\/\" \/>\n<meta property=\"og:site_name\" content=\"Asociaci\u00f3n Espa\u00f1ola S\u00edndrome de Charge\" \/>\n<meta property=\"article:publisher\" content=\"https:\/\/www.facebook.com\/asociacionsindromecharge\" \/>\n<meta property=\"article:modified_time\" content=\"2015-09-18T17:13:40+00:00\" \/>\n<meta property=\"og:image\" content=\"http:\/\/sindromecharge.es\/wp-content\/uploads\/2015\/09\/ivcongreso-1024x571.jpg\" \/>\n<meta name=\"twitter:card\" content=\"summary_large_image\" \/>\n<meta name=\"twitter:site\" content=\"@sindromecharge\" \/>\n<meta name=\"twitter:label1\" content=\"Tiempo de lectura\" \/>\n\t<meta name=\"twitter:data1\" content=\"1 minuto\" \/>\n<script type=\"application\/ld+json\" class=\"yoast-schema-graph\">{\"@context\":\"https:\\\/\\\/schema.org\",\"@graph\":[{\"@type\":\"WebPage\",\"@id\":\"https:\\\/\\\/sindromecharge.es\\\/index.php\\\/iv-congreso-sindrome-charge\\\/\",\"url\":\"https:\\\/\\\/sindromecharge.es\\\/index.php\\\/iv-congreso-sindrome-charge\\\/\",\"name\":\"IV Congreso S\u00edndrome Charge\",\"isPartOf\":{\"@id\":\"https:\\\/\\\/sindromecharge.es\\\/#website\"},\"primaryImageOfPage\":{\"@id\":\"https:\\\/\\\/sindromecharge.es\\\/index.php\\\/iv-congreso-sindrome-charge\\\/#primaryimage\"},\"image\":{\"@id\":\"https:\\\/\\\/sindromecharge.es\\\/index.php\\\/iv-congreso-sindrome-charge\\\/#primaryimage\"},\"thumbnailUrl\":\"http:\\\/\\\/sindromecharge.es\\\/wp-content\\\/uploads\\\/2015\\\/09\\\/ivcongreso-1024x571.jpg\",\"datePublished\":\"2015-09-12T13:38:52+00:00\",\"dateModified\":\"2015-09-18T17:13:40+00:00\",\"breadcrumb\":{\"@id\":\"https:\\\/\\\/sindromecharge.es\\\/index.php\\\/iv-congreso-sindrome-charge\\\/#breadcrumb\"},\"inLanguage\":\"es\",\"potentialAction\":[{\"@type\":\"ReadAction\",\"target\":[\"https:\\\/\\\/sindromecharge.es\\\/index.php\\\/iv-congreso-sindrome-charge\\\/\"]}]},{\"@type\":\"ImageObject\",\"inLanguage\":\"es\",\"@id\":\"https:\\\/\\\/sindromecharge.es\\\/index.php\\\/iv-congreso-sindrome-charge\\\/#primaryimage\",\"url\":\"https:\\\/\\\/sindromecharge.es\\\/wp-content\\\/uploads\\\/2015\\\/09\\\/ivcongreso.jpg\",\"contentUrl\":\"https:\\\/\\\/sindromecharge.es\\\/wp-content\\\/uploads\\\/2015\\\/09\\\/ivcongreso.jpg\",\"width\":1600,\"height\":892},{\"@type\":\"BreadcrumbList\",\"@id\":\"https:\\\/\\\/sindromecharge.es\\\/index.php\\\/iv-congreso-sindrome-charge\\\/#breadcrumb\",\"itemListElement\":[{\"@type\":\"ListItem\",\"position\":1,\"name\":\"Portada\",\"item\":\"https:\\\/\\\/sindromecharge.es\\\/\"},{\"@type\":\"ListItem\",\"position\":2,\"name\":\"IV Congreso S\u00edndrome Charge\"}]},{\"@type\":\"WebSite\",\"@id\":\"https:\\\/\\\/sindromecharge.es\\\/#website\",\"url\":\"https:\\\/\\\/sindromecharge.es\\\/\",\"name\":\"Asociaci\u00f3n Espa\u00f1ola S\u00edndrome de Charge\",\"description\":\"\",\"potentialAction\":[{\"@type\":\"SearchAction\",\"target\":{\"@type\":\"EntryPoint\",\"urlTemplate\":\"https:\\\/\\\/sindromecharge.es\\\/?s={search_term_string}\"},\"query-input\":{\"@type\":\"PropertyValueSpecification\",\"valueRequired\":true,\"valueName\":\"search_term_string\"}}],\"inLanguage\":\"es\"}]}<\/script>\n<!-- \/ Yoast SEO plugin. -->","yoast_head_json":{"title":"IV Congreso S\u00edndrome Charge","robots":{"index":"index","follow":"follow","max-snippet":"max-snippet:-1","max-image-preview":"max-image-preview:large","max-video-preview":"max-video-preview:-1"},"canonical":"https:\/\/sindromecharge.es\/index.php\/iv-congreso-sindrome-charge\/","og_locale":"es_ES","og_type":"article","og_title":"IV Congreso S\u00edndrome Charge","og_description":"El IV Congreso S\u00edndrome Charge se realizar\u00e1\u00a0en la ciudad de Pamplona, los d\u00edas 3 y 4 de Octubre de 2015. \u00a0 Las sesiones del congreso tendr\u00e1n lugar en el Museo Universidad de Navarra, que ha cedido gratuitamente sus instalaciones para la celebraci\u00f3n del IV Congreso S\u00edndrome CHARGE. El edificio se encuentra situado en el campus [&hellip;]","og_url":"https:\/\/sindromecharge.es\/index.php\/iv-congreso-sindrome-charge\/","og_site_name":"Asociaci\u00f3n Espa\u00f1ola S\u00edndrome de Charge","article_publisher":"https:\/\/www.facebook.com\/asociacionsindromecharge","article_modified_time":"2015-09-18T17:13:40+00:00","og_image":[{"url":"http:\/\/sindromecharge.es\/wp-content\/uploads\/2015\/09\/ivcongreso-1024x571.jpg","type":"","width":"","height":""}],"twitter_card":"summary_large_image","twitter_site":"@sindromecharge","twitter_misc":{"Tiempo de lectura":"1 minuto"},"schema":{"@context":"https:\/\/schema.org","@graph":[{"@type":"WebPage","@id":"https:\/\/sindromecharge.es\/index.php\/iv-congreso-sindrome-charge\/","url":"https:\/\/sindromecharge.es\/index.php\/iv-congreso-sindrome-charge\/","name":"IV Congreso S\u00edndrome Charge","isPartOf":{"@id":"https:\/\/sindromecharge.es\/#website"},"primaryImageOfPage":{"@id":"https:\/\/sindromecharge.es\/index.php\/iv-congreso-sindrome-charge\/#primaryimage"},"image":{"@id":"https:\/\/sindromecharge.es\/index.php\/iv-congreso-sindrome-charge\/#primaryimage"},"thumbnailUrl":"http:\/\/sindromecharge.es\/wp-content\/uploads\/2015\/09\/ivcongreso-1024x571.jpg","datePublished":"2015-09-12T13:38:52+00:00","dateModified":"2015-09-18T17:13:40+00:00","breadcrumb":{"@id":"https:\/\/sindromecharge.es\/index.php\/iv-congreso-sindrome-charge\/#breadcrumb"},"inLanguage":"es","potentialAction":[{"@type":"ReadAction","target":["https:\/\/sindromecharge.es\/index.php\/iv-congreso-sindrome-charge\/"]}]},{"@type":"ImageObject","inLanguage":"es","@id":"https:\/\/sindromecharge.es\/index.php\/iv-congreso-sindrome-charge\/#primaryimage","url":"https:\/\/sindromecharge.es\/wp-content\/uploads\/2015\/09\/ivcongreso.jpg","contentUrl":"https:\/\/sindromecharge.es\/wp-content\/uploads\/2015\/09\/ivcongreso.jpg","width":1600,"height":892},{"@type":"BreadcrumbList","@id":"https:\/\/sindromecharge.es\/index.php\/iv-congreso-sindrome-charge\/#breadcrumb","itemListElement":[{"@type":"ListItem","position":1,"name":"Portada","item":"https:\/\/sindromecharge.es\/"},{"@type":"ListItem","position":2,"name":"IV Congreso S\u00edndrome Charge"}]},{"@type":"WebSite","@id":"https:\/\/sindromecharge.es\/#website","url":"https:\/\/sindromecharge.es\/","name":"Asociaci\u00f3n Espa\u00f1ola S\u00edndrome de Charge","description":"","potentialAction":[{"@type":"SearchAction","target":{"@type":"EntryPoint","urlTemplate":"https:\/\/sindromecharge.es\/?s={search_term_string}"},"query-input":{"@type":"PropertyValueSpecification","valueRequired":true,"valueName":"search_term_string"}}],"inLanguage":"es"}]}},"_links":{"self":[{"href":"https:\/\/sindromecharge.es\/index.php\/wp-json\/wp\/v2\/pages\/1252","targetHints":{"allow":["GET"]}}],"collection":[{"href":"https:\/\/sindromecharge.es\/index.php\/wp-json\/wp\/v2\/pages"}],"about":[{"href":"https:\/\/sindromecharge.es\/index.php\/wp-json\/wp\/v2\/types\/page"}],"author":[{"embeddable":true,"href":"https:\/\/sindromecharge.es\/index.php\/wp-json\/wp\/v2\/users\/1"}],"replies":[{"embeddable":true,"href":"https:\/\/sindromecharge.es\/index.php\/wp-json\/wp\/v2\/comments?post=1252"}],"version-history":[{"count":0,"href":"https:\/\/sindromecharge.es\/index.php\/wp-json\/wp\/v2\/pages\/1252\/revisions"}],"wp:attachment":[{"href":"https:\/\/sindromecharge.es\/index.php\/wp-json\/wp\/v2\/media?parent=1252"}],"curies":[{"name":"wp","href":"https:\/\/api.w.org\/{rel}","templated":true}]}}